{"id":10,"date":"2022-01-21T23:33:30","date_gmt":"2022-01-21T22:33:30","guid":{"rendered":"https:\/\/sylviecoiffure.fr\/?page_id=10"},"modified":"2026-02-05T12:18:35","modified_gmt":"2026-02-05T11:18:35","slug":"mesmerize","status":"publish","type":"page","link":"https:\/\/sylviecoiffure.fr\/","title":{"rendered":"Accueil"},"content":{"rendered":"<div  id=\"overlappable-4\" style=\"background-color: #ffffff;\" data-label=\"Overlappable\" data-id=\"overlappable-4\" data-export-id=\"overlappable-4\" data-category=\"overlappable\" class=\"overlappable-4 content-section content-section-spacing\" data-overlap=\"true\"><div  class=\"gridContainer\"> <div  data-type=\"row\" class=\"row spaced-cols text-center content-center-sm center-sm\"><div  class=\"col-xs-12 col-sm-4 col-padding\"> <i  class=\"fa icon shadow-large-black aligncenter color1 fa-phone reverse round large\"><\/i> <div  data-type=\"column\" class=\"\"> <h5  class=\"\">T\u00e9l\u00e9phone<\/h5> <p  class=\"\">Nous sommes joignable par t\u00e9l\u00e9phone pour tout renseignements ou prise de rendez-vous au :\n<br >05 46 91 49 21<\/p><\/div> <\/div> <div  class=\"col-xs-12 col-sm-4 col-padding\"> <a  data-cp-link=\"1\" href=\"https:\/\/www.facebook.com\/Sylvie-coiffure-2058050771091170\" target=\"_blank\" rel=\"noopener\" class=\"\"><i  class=\"fa icon shadow-large-black aligncenter color1 fa-facebook-f reverse round large\"><\/i><\/a> <div  data-type=\"column\" class=\"\"><h5  class=\"\">Facebook<\/h5> <p  class=\"\">Pour suivre l\u2019actualit\u00e9 de notre salon, rendez-vous sur la page Facebook Sylvie Coiff\u2019 !<\/p><\/div> <\/div> <div  class=\"col-xs-12 col-sm-4 col-padding\"> <i  class=\"fa icon shadow-large-black aligncenter color1 fa-home reverse round large\"><\/i> <div  data-type=\"column\" class=\"\"><h5  class=\"\">Localisation<\/h5> <p  class=\"\">Le salon de coiffure est situ\u00e9&nbsp;Proche Maison M\u00e9dical 16 r\u00e9sid Ormeaux , \n<br >17600 Corme-Royal<\/p><\/div> <\/div><\/div> <\/div><\/div><div  data-label=\"Content\" data-id=\"content--1\" data-export-id=\"content-12\" data-category=\"content\" class=\"content-12 content-section content-section-spacing\" id=\"content-1\" style=\"background-color: rgb(255, 255, 255);\"><div  class=\"\"> <div  class=\"row text-center\"><div  class=\"section-title-col\" data-type=\"column\"> <h2  class=\"\">Un moment de d\u00e9tente.<\/h2> <p  class=\"lead\">Sylvie et Aur\u00e9lia vous invitent pour un moment de d\u00e9tente ou une \u00e9coute experte personnalis\u00e9e.<br ><br >D\u00e9couvrez un large choix de prestations de coiffure adapt\u00e9es a vos envies.<br ><br >Laissez-vous tenter par une coloration sans ammoniaque INOA de chez L\u2019OREAL professionnel ou toutes autres prestations.<\/p><\/div> <\/div> <div  class=\"row center-xs middle-xs\"> <div  class=\"col-sm-9\" data-type=\"column\"> <img  decoding=\"async\" class=\"shadow-large\" src=\"https:\/\/sylviecoiffure.fr\/wp-content\/uploads\/2022\/01\/cropped-cropped-aa-scaled-1.jpg\" title=\"cropped-cropped-aa-scaled-1.jpg\" alt=\"\"><\/div> <\/div><\/div> <\/div><div  id=\"testimonials-5\" style=\"background-color: #ffffff;\" data-label=\"Testimonials\" data-id=\"testimonials-5\" data-export-id=\"testimonials-5\" data-category=\"testimonials\" class=\"testimonials-5 content-section content-section-spacing\"><div  class=\"gridContainer\"> <div  class=\"row\"><div  data-type=\"column\" class=\"section-title-col\"> <h2  class=\"\">L\u2019\u00e9quipe de Sylvie Coiff\u2019<\/h2> <p  class=\"lead\">Toujours \u00e0 votre \u00e9coute pour r\u00e9pondre \u00e0 vos besoins !<\/p><\/div> <\/div> <div  class=\"row spaced-cols content-center-sm\" data-type=\"row\">  <div  class=\"col-sm-4 col-md-6 \"> <div  class=\"card y-move bordered\" data-type=\"column\"> <i  class=\"fa fa-quote-right icon color1 small quotation-icon\"><\/i> <p  class=\"text-center\">La coiffure en toute simplicit\u00e9, refl\u00e8te elle m\u00eame la cl\u00e9 de l\u2019\u00e9l\u00e9gance.<\/p>  <h6  class=\"\">Sylvie<\/h6> <p  class=\"small italic\">G\u00e9rante<\/p><\/div> <\/div><div  class=\"col-sm-4 col-md-6 \"> <div  class=\"card y-move bordered\" data-type=\"column\"> <a  data-cp-link=\"1\" href=\"#\" class=\"\"><i  class=\"fa fa-quote-right icon color1 small quotation-icon\"><\/i><\/a> <p  class=\"text-center\">Une coiffeuse est une personne qui \u00e0 le pouvoir de sauver votre journ\u00e9e.<\/p>  <h6  class=\"\">Aurelia<\/h6> <p  class=\"small italic\">Collaboratrice<\/p><\/div> <\/div> <\/div> <\/div><\/div>","protected":false},"excerpt":{"rendered":"<p>T\u00e9l\u00e9phone Nous sommes joignable par t\u00e9l\u00e9phone pour tout renseignements ou prise de rendez-vous au : 05 46 91 49 21 Facebook Pour suivre l\u2019actualit\u00e9 de notre salon, rendez-vous sur la page Facebook Sylvie Coiff\u2019 ! Localisation Le salon de coiffure est situ\u00e9&nbsp;Proche Maison M\u00e9dical 16 r\u00e9sid Ormeaux , 17600 Corme-Royal Un moment de d\u00e9tente. Sylvie&hellip; <br \/> <a class=\"read-more\" href=\"https:\/\/sylviecoiffure.fr\/\">Lire la suite<\/a><\/p>\n","protected":false},"author":1,"featured_media":0,"parent":0,"menu_order":0,"comment_status":"closed","ping_status":"closed","template":"page-templates\/homepage.php","meta":{"footnotes":""},"class_list":["post-10","page","type-page","status-publish","hentry"],"_links":{"self":[{"href":"https:\/\/sylviecoiffure.fr\/index.php?rest_route=\/wp\/v2\/pages\/10","targetHints":{"allow":["GET"]}}],"collection":[{"href":"https:\/\/sylviecoiffure.fr\/index.php?rest_route=\/wp\/v2\/pages"}],"about":[{"href":"https:\/\/sylviecoiffure.fr\/index.php?rest_route=\/wp\/v2\/types\/page"}],"author":[{"embeddable":true,"href":"https:\/\/sylviecoiffure.fr\/index.php?rest_route=\/wp\/v2\/users\/1"}],"replies":[{"embeddable":true,"href":"https:\/\/sylviecoiffure.fr\/index.php?rest_route=%2Fwp%2Fv2%2Fcomments&post=10"}],"version-history":[{"count":42,"href":"https:\/\/sylviecoiffure.fr\/index.php?rest_route=\/wp\/v2\/pages\/10\/revisions"}],"predecessor-version":[{"id":216,"href":"https:\/\/sylviecoiffure.fr\/index.php?rest_route=\/wp\/v2\/pages\/10\/revisions\/216"}],"wp:attachment":[{"href":"https:\/\/sylviecoiffure.fr\/index.php?rest_route=%2Fwp%2Fv2%2Fmedia&parent=10"}],"curies":[{"name":"wp","href":"https:\/\/api.w.org\/{rel}","templated":true}]}}